{"version":"1.0","provider_name":"T&#039;hompouss Consultants","provider_url":"https:\/\/thompouss.fr","author_name":"Souri","author_url":"https:\/\/thompouss.fr\/index.php\/author\/souri\/","title":"Journ\u00e9e nationale du syndrome d\u2019Asperger - T&#039;hompouss Consultants","type":"rich","width":600,"height":338,"html":"<blockquote class=\"wp-embedded-content\" data-secret=\"avheGLPrIA\"><a href=\"https:\/\/thompouss.fr\/index.php\/journee-nationale-du-syndrome-dasperger\/\">Journ\u00e9e nationale du syndrome d\u2019Asperger<\/a><\/blockquote><iframe sandbox=\"allow-scripts\" security=\"restricted\" src=\"https:\/\/thompouss.fr\/index.php\/journee-nationale-du-syndrome-dasperger\/embed\/#?secret=avheGLPrIA\" width=\"600\" height=\"338\" title=\"\u00ab\u00a0Journ\u00e9e nationale du syndrome d\u2019Asperger\u00a0\u00bb &#8212; T&#039;hompouss Consultants\" data-secret=\"avheGLPrIA\" frameborder=\"0\" marginwidth=\"0\" marginheight=\"0\" scrolling=\"no\" class=\"wp-embedded-content\"><\/iframe><script>\n\/*! This file is auto-generated *\/\n!function(d,l){\"use strict\";l.querySelector&&d.addEventListener&&\"undefined\"!=typeof URL&&(d.wp=d.wp||{},d.wp.receiveEmbedMessage||(d.wp.receiveEmbedMessage=function(e){var t=e.data;if((t||t.secret||t.message||t.value)&&!\/[^a-zA-Z0-9]\/.test(t.secret)){for(var s,r,n,a=l.querySelectorAll('iframe[data-secret=\"'+t.secret+'\"]'),o=l.querySelectorAll('blockquote[data-secret=\"'+t.secret+'\"]'),c=new RegExp(\"^https?:$\",\"i\"),i=0;i<o.length;i++)o[i].style.display=\"none\";for(i=0;i<a.length;i++)s=a[i],e.source===s.contentWindow&&(s.removeAttribute(\"style\"),\"height\"===t.message?(1e3<(r=parseInt(t.value,10))?r=1e3:~~r<200&&(r=200),s.height=r):\"link\"===t.message&&(r=new URL(s.getAttribute(\"src\")),n=new URL(t.value),c.test(n.protocol))&&n.host===r.host&&l.activeElement===s&&(d.top.location.href=t.value))}},d.addEventListener(\"message\",d.wp.receiveEmbedMessage,!1),l.addEventListener(\"DOMContentLoaded\",function(){for(var e,t,s=l.querySelectorAll(\"iframe.wp-embedded-content\"),r=0;r<s.length;r++)(t=(e=s[r]).getAttribute(\"data-secret\"))||(t=Math.random().toString(36).substring(2,12),e.src+=\"#?secret=\"+t,e.setAttribute(\"data-secret\",t)),e.contentWindow.postMessage({message:\"ready\",secret:t},\"*\")},!1)))}(window,document);\n\/\/# sourceURL=https:\/\/thompouss.fr\/wp-includes\/js\/wp-embed.min.js\n<\/script>\n","thumbnail_url":"https:\/\/thompouss.fr\/wp-content\/uploads\/2025\/02\/chatypik-scaled.jpg","thumbnail_width":2535,"thumbnail_height":2560,"description":"C\u2019est la journ\u00e9e nationale du syndrome d\u2019Asperger. Les entreprises au sein desquelles travaillent les personnes concern\u00e9es \u00e9voquent les atouts de ces salari\u00e9s dot\u00e9s d\u2019une excellente m\u00e9moire, d\u2019une pens\u00e9e logique et analytique et tr\u00e8s attentives aux d\u00e9tails."}